{"version":"1.0","provider_name":"Fundacja Dominikanki","provider_url":"https:\/\/www.fundacjadominikanki.pl\/wp","author_name":"admin","author_url":"https:\/\/www.fundacjadominikanki.pl\/wp\/author\/admin\/","title":"Home","type":"rich","width":600,"height":338,"html":"<blockquote class=\"wp-embedded-content\" data-secret=\"6vYoPpAZYF\"><a href=\"https:\/\/www.fundacjadominikanki.pl\/wp\/\">Home<\/a><\/blockquote><iframe sandbox=\"allow-scripts\" security=\"restricted\" src=\"https:\/\/www.fundacjadominikanki.pl\/wp\/embed\/#?secret=6vYoPpAZYF\" width=\"600\" height=\"338\" title=\"&#8222;Home&#8221; &#8212; Fundacja Dominikanki\" data-secret=\"6vYoPpAZYF\" frameborder=\"0\" marginwidth=\"0\" marginheight=\"0\" scrolling=\"no\" class=\"wp-embedded-content\"><\/iframe><script>\n\/*! This file is auto-generated *\/\n!function(d,l){\"use strict\";l.querySelector&&d.addEventListener&&\"undefined\"!=typeof URL&&(d.wp=d.wp||{},d.wp.receiveEmbedMessage||(d.wp.receiveEmbedMessage=function(e){var t=e.data;if((t||t.secret||t.message||t.value)&&!\/[^a-zA-Z0-9]\/.test(t.secret)){for(var s,r,n,a=l.querySelectorAll('iframe[data-secret=\"'+t.secret+'\"]'),o=l.querySelectorAll('blockquote[data-secret=\"'+t.secret+'\"]'),c=new RegExp(\"^https?:$\",\"i\"),i=0;i<o.length;i++)o[i].style.display=\"none\";for(i=0;i<a.length;i++)s=a[i],e.source===s.contentWindow&&(s.removeAttribute(\"style\"),\"height\"===t.message?(1e3<(r=parseInt(t.value,10))?r=1e3:~~r<200&&(r=200),s.height=r):\"link\"===t.message&&(r=new URL(s.getAttribute(\"src\")),n=new URL(t.value),c.test(n.protocol))&&n.host===r.host&&l.activeElement===s&&(d.top.location.href=t.value))}},d.addEventListener(\"message\",d.wp.receiveEmbedMessage,!1),l.addEventListener(\"DOMContentLoaded\",function(){for(var e,t,s=l.querySelectorAll(\"iframe.wp-embedded-content\"),r=0;r<s.length;r++)(t=(e=s[r]).getAttribute(\"data-secret\"))||(t=Math.random().toString(36).substring(2,12),e.src+=\"#?secret=\"+t,e.setAttribute(\"data-secret\",t)),e.contentWindow.postMessage({message:\"ready\",secret:t},\"*\")},!1)))}(window,document);\n<\/script>\n","description":"Fundacja im. S\u0142u\u017cebnicy Bo\u017cej S. Magdaleny Epstein OP Witamy na stronie naszej Fundacji Mamy nadziej\u0119, \u017ce Patronka Fundacji \u2013 S\u0142u\u017cebnica Bo\u017ca s. Magdalena Epstein, kt\u00f3ra przez ca\u0142e swoje \u017cycie realizowa\u0142a charyzmat mi\u0142o\u015bci mi\u0142osiernej, inicjuj\u0105c r\u00f3\u017cne dzie\u0142a pomocy charytatywnej \u2013 b\u0119dzie wspiera\u0107 swoim wstawiennictwem u Boga rozpocz\u0119te dzie\u0142o Fundacji. Wszystkim, kt\u00f3rzy odpowiedz\u0105 na apel i w\u0142\u0105cz\u0105 [&hellip;]","thumbnail_url":"https:\/\/www.fundacjadominikanki.pl\/wp\/wp-content\/uploads\/2023\/10\/305353181_2245054225664195_2713077703605566293_n.jpg"}